{"id":787,"date":"2025-09-22T21:18:19","date_gmt":"2025-09-22T21:18:19","guid":{"rendered":"https:\/\/theteachermusic.ch\/?page_id=787"},"modified":"2026-05-10T17:49:08","modified_gmt":"2026-05-10T17:49:08","slug":"the-band","status":"publish","type":"page","link":"https:\/\/theteachermusic.ch\/?page_id=787","title":{"rendered":"The Band"},"content":{"rendered":"\n<div class=\"wp-block-media-text alignwide is-stacked-on-mobile\"><figure class=\"wp-block-media-text__media\"><img loading=\"lazy\" decoding=\"async\" width=\"1024\" height=\"682\" src=\"https:\/\/theteachermusic.ch\/wp-content\/uploads\/2026\/05\/The-Teacher-1024x682.jpeg\" alt=\"\" class=\"wp-image-888 size-full\" srcset=\"https:\/\/theteachermusic.ch\/wp-content\/uploads\/2026\/05\/The-Teacher-1024x682.jpeg 1024w, https:\/\/theteachermusic.ch\/wp-content\/uploads\/2026\/05\/The-Teacher-300x200.jpeg 300w, https:\/\/theteachermusic.ch\/wp-content\/uploads\/2026\/05\/The-Teacher-768x512.jpeg 768w, https:\/\/theteachermusic.ch\/wp-content\/uploads\/2026\/05\/The-Teacher-1536x1023.jpeg 1536w, https:\/\/theteachermusic.ch\/wp-content\/uploads\/2026\/05\/The-Teacher.jpeg 1600w\" sizes=\"auto, (max-width: 1024px) 100vw, 1024px\" \/><\/figure><div class=\"wp-block-media-text__content\">\n<p class=\"wp-block-paragraph\">Thomas Locher &#171;The Teacher&#187;<\/p>\n<\/div><\/div>\n\n\n\n<div class=\"wp-block-media-text alignwide is-stacked-on-mobile\"><figure class=\"wp-block-media-text__media\"><img loading=\"lazy\" decoding=\"async\" width=\"1024\" height=\"576\" src=\"https:\/\/theteachermusic.ch\/wp-content\/uploads\/2025\/09\/16-9-Klaudiusz-Zylinski-2-1024x576.jpg\" alt=\"\" class=\"wp-image-812 size-full\" srcset=\"https:\/\/theteachermusic.ch\/wp-content\/uploads\/2025\/09\/16-9-Klaudiusz-Zylinski-2-1024x576.jpg 1024w, https:\/\/theteachermusic.ch\/wp-content\/uploads\/2025\/09\/16-9-Klaudiusz-Zylinski-2-300x169.jpg 300w, https:\/\/theteachermusic.ch\/wp-content\/uploads\/2025\/09\/16-9-Klaudiusz-Zylinski-2-768x432.jpg 768w, https:\/\/theteachermusic.ch\/wp-content\/uploads\/2025\/09\/16-9-Klaudiusz-Zylinski-2-1536x864.jpg 1536w, https:\/\/theteachermusic.ch\/wp-content\/uploads\/2025\/09\/16-9-Klaudiusz-Zylinski-2-990x556.jpg 990w, https:\/\/theteachermusic.ch\/wp-content\/uploads\/2025\/09\/16-9-Klaudiusz-Zylinski-2.jpg 1600w\" sizes=\"auto, (max-width: 1024px) 100vw, 1024px\" \/><\/figure><div class=\"wp-block-media-text__content\">\n<p class=\"wp-block-paragraph\">Klaudiusz \u017byli\u0144ski<\/p>\n<\/div><\/div>\n\n\n\n<div class=\"wp-block-media-text alignwide is-stacked-on-mobile\"><figure class=\"wp-block-media-text__media\"><img loading=\"lazy\" decoding=\"async\" width=\"1024\" height=\"576\" src=\"https:\/\/theteachermusic.ch\/wp-content\/uploads\/2025\/09\/Mani-Pristas-16-9-1024x576.jpg\" alt=\"\" class=\"wp-image-792 size-full\" srcset=\"https:\/\/theteachermusic.ch\/wp-content\/uploads\/2025\/09\/Mani-Pristas-16-9-1024x576.jpg 1024w, https:\/\/theteachermusic.ch\/wp-content\/uploads\/2025\/09\/Mani-Pristas-16-9-300x169.jpg 300w, https:\/\/theteachermusic.ch\/wp-content\/uploads\/2025\/09\/Mani-Pristas-16-9-768x432.jpg 768w, https:\/\/theteachermusic.ch\/wp-content\/uploads\/2025\/09\/Mani-Pristas-16-9-990x556.jpg 990w, https:\/\/theteachermusic.ch\/wp-content\/uploads\/2025\/09\/Mani-Pristas-16-9.jpg 1055w\" sizes=\"auto, (max-width: 1024px) 100vw, 1024px\" \/><\/figure><div class=\"wp-block-media-text__content\">\n<p class=\"wp-block-paragraph\">Mani Pristas<\/p>\n<\/div><\/div>\n\n\n\n<div class=\"wp-block-media-text alignwide is-stacked-on-mobile\"><figure class=\"wp-block-media-text__media\"><img loading=\"lazy\" decoding=\"async\" width=\"1024\" height=\"576\" src=\"https:\/\/theteachermusic.ch\/wp-content\/uploads\/2025\/09\/Paedy-Odermatt-16-9-1024x576.jpg\" alt=\"\" class=\"wp-image-793 size-full\" srcset=\"https:\/\/theteachermusic.ch\/wp-content\/uploads\/2025\/09\/Paedy-Odermatt-16-9-1024x576.jpg 1024w, https:\/\/theteachermusic.ch\/wp-content\/uploads\/2025\/09\/Paedy-Odermatt-16-9-300x169.jpg 300w, https:\/\/theteachermusic.ch\/wp-content\/uploads\/2025\/09\/Paedy-Odermatt-16-9-768x432.jpg 768w, https:\/\/theteachermusic.ch\/wp-content\/uploads\/2025\/09\/Paedy-Odermatt-16-9-1536x864.jpg 1536w, https:\/\/theteachermusic.ch\/wp-content\/uploads\/2025\/09\/Paedy-Odermatt-16-9-990x556.jpg 990w, https:\/\/theteachermusic.ch\/wp-content\/uploads\/2025\/09\/Paedy-Odermatt-16-9.jpg 1600w\" sizes=\"auto, (max-width: 1024px) 100vw, 1024px\" \/><\/figure><div class=\"wp-block-media-text__content\">\n<p class=\"wp-block-paragraph\">P\u00e4dy Odermatt<\/p>\n<\/div><\/div>\n\n\n\n<div class=\"wp-block-media-text alignwide is-stacked-on-mobile\"><figure class=\"wp-block-media-text__media\"><img loading=\"lazy\" decoding=\"async\" width=\"1024\" height=\"576\" src=\"https:\/\/theteachermusic.ch\/wp-content\/uploads\/2025\/09\/16-9-Stefan-Eberhard-1024x576.jpg\" alt=\"\" class=\"wp-image-806 size-full\" srcset=\"https:\/\/theteachermusic.ch\/wp-content\/uploads\/2025\/09\/16-9-Stefan-Eberhard-1024x576.jpg 1024w, https:\/\/theteachermusic.ch\/wp-content\/uploads\/2025\/09\/16-9-Stefan-Eberhard-300x169.jpg 300w, https:\/\/theteachermusic.ch\/wp-content\/uploads\/2025\/09\/16-9-Stefan-Eberhard-768x432.jpg 768w, https:\/\/theteachermusic.ch\/wp-content\/uploads\/2025\/09\/16-9-Stefan-Eberhard-1536x864.jpg 1536w, https:\/\/theteachermusic.ch\/wp-content\/uploads\/2025\/09\/16-9-Stefan-Eberhard-990x556.jpg 990w, https:\/\/theteachermusic.ch\/wp-content\/uploads\/2025\/09\/16-9-Stefan-Eberhard.jpg 1600w\" sizes=\"auto, (max-width: 1024px) 100vw, 1024px\" \/><\/figure><div class=\"wp-block-media-text__content\">\n<p class=\"wp-block-paragraph\">Stefan Eberhard<\/p>\n<\/div><\/div>\n\n\n\n<div class=\"wp-block-media-text alignwide is-stacked-on-mobile\"><figure class=\"wp-block-media-text__media\"><img loading=\"lazy\" decoding=\"async\" width=\"1024\" height=\"575\" src=\"https:\/\/theteachermusic.ch\/wp-content\/uploads\/2025\/09\/16-9-Beni-Leumann-1024x575.jpg\" alt=\"\" class=\"wp-image-800 size-full\" srcset=\"https:\/\/theteachermusic.ch\/wp-content\/uploads\/2025\/09\/16-9-Beni-Leumann-1024x575.jpg 1024w, https:\/\/theteachermusic.ch\/wp-content\/uploads\/2025\/09\/16-9-Beni-Leumann-300x169.jpg 300w, https:\/\/theteachermusic.ch\/wp-content\/uploads\/2025\/09\/16-9-Beni-Leumann-768x432.jpg 768w, https:\/\/theteachermusic.ch\/wp-content\/uploads\/2025\/09\/16-9-Beni-Leumann-990x556.jpg 990w, https:\/\/theteachermusic.ch\/wp-content\/uploads\/2025\/09\/16-9-Beni-Leumann.jpg 1066w\" sizes=\"auto, (max-width: 1024px) 100vw, 1024px\" \/><\/figure><div class=\"wp-block-media-text__content\">\n<p class=\"wp-block-paragraph\">Beni Leumann<\/p>\n<\/div><\/div>\n\n\n\n<div class=\"wp-block-media-text alignwide is-stacked-on-mobile\"><figure class=\"wp-block-media-text__media\"><img loading=\"lazy\" decoding=\"async\" width=\"1024\" height=\"576\" src=\"https:\/\/theteachermusic.ch\/wp-content\/uploads\/2025\/09\/16-9-Aline-Locher-1-1024x576.jpg\" alt=\"\" class=\"wp-image-802 size-full\" srcset=\"https:\/\/theteachermusic.ch\/wp-content\/uploads\/2025\/09\/16-9-Aline-Locher-1-1024x576.jpg 1024w, https:\/\/theteachermusic.ch\/wp-content\/uploads\/2025\/09\/16-9-Aline-Locher-1-300x169.jpg 300w, https:\/\/theteachermusic.ch\/wp-content\/uploads\/2025\/09\/16-9-Aline-Locher-1-768x432.jpg 768w, https:\/\/theteachermusic.ch\/wp-content\/uploads\/2025\/09\/16-9-Aline-Locher-1-1536x864.jpg 1536w, https:\/\/theteachermusic.ch\/wp-content\/uploads\/2025\/09\/16-9-Aline-Locher-1-990x556.jpg 990w, https:\/\/theteachermusic.ch\/wp-content\/uploads\/2025\/09\/16-9-Aline-Locher-1.jpg 1600w\" sizes=\"auto, (max-width: 1024px) 100vw, 1024px\" \/><\/figure><div class=\"wp-block-media-text__content\">\n<p class=\"wp-block-paragraph\">Aline Locher<\/p>\n<\/div><\/div>\n\n\n\n<div class=\"wp-block-media-text alignwide is-stacked-on-mobile\"><figure class=\"wp-block-media-text__media\"><img loading=\"lazy\" decoding=\"async\" width=\"1024\" height=\"576\" src=\"https:\/\/theteachermusic.ch\/wp-content\/uploads\/2025\/09\/16-9-Manuela-Gerosa-1-1024x576.jpg\" alt=\"\" class=\"wp-image-803 size-full\" srcset=\"https:\/\/theteachermusic.ch\/wp-content\/uploads\/2025\/09\/16-9-Manuela-Gerosa-1-1024x576.jpg 1024w, https:\/\/theteachermusic.ch\/wp-content\/uploads\/2025\/09\/16-9-Manuela-Gerosa-1-300x169.jpg 300w, https:\/\/theteachermusic.ch\/wp-content\/uploads\/2025\/09\/16-9-Manuela-Gerosa-1-768x432.jpg 768w, https:\/\/theteachermusic.ch\/wp-content\/uploads\/2025\/09\/16-9-Manuela-Gerosa-1-1536x864.jpg 1536w, https:\/\/theteachermusic.ch\/wp-content\/uploads\/2025\/09\/16-9-Manuela-Gerosa-1-990x556.jpg 990w, https:\/\/theteachermusic.ch\/wp-content\/uploads\/2025\/09\/16-9-Manuela-Gerosa-1.jpg 1600w\" sizes=\"auto, (max-width: 1024px) 100vw, 1024px\" \/><\/figure><div class=\"wp-block-media-text__content\">\n<p class=\"wp-block-paragraph\">Manuela Gerosa<\/p>\n<\/div><\/div>\n","protected":false},"excerpt":{"rendered":"<p>Thomas Locher &#171;The Teacher&#187; Klaudiusz \u017byli\u0144ski Mani Pristas P\u00e4dy Odermatt Stefan Eberhard Beni Leumann Aline Locher Manuela Gerosa<\/p>\n","protected":false},"author":1,"featured_media":0,"parent":0,"menu_order":0,"comment_status":"closed","ping_status":"closed","template":"","meta":{"footnotes":""},"class_list":["post-787","page","type-page","status-publish","hentry"],"_links":{"self":[{"href":"https:\/\/theteachermusic.ch\/index.php?rest_route=\/wp\/v2\/pages\/787","targetHints":{"allow":["GET"]}}],"collection":[{"href":"https:\/\/theteachermusic.ch\/index.php?rest_route=\/wp\/v2\/pages"}],"about":[{"href":"https:\/\/theteachermusic.ch\/index.php?rest_route=\/wp\/v2\/types\/page"}],"author":[{"embeddable":true,"href":"https:\/\/theteachermusic.ch\/index.php?rest_route=\/wp\/v2\/users\/1"}],"replies":[{"embeddable":true,"href":"https:\/\/theteachermusic.ch\/index.php?rest_route=%2Fwp%2Fv2%2Fcomments&post=787"}],"version-history":[{"count":9,"href":"https:\/\/theteachermusic.ch\/index.php?rest_route=\/wp\/v2\/pages\/787\/revisions"}],"predecessor-version":[{"id":890,"href":"https:\/\/theteachermusic.ch\/index.php?rest_route=\/wp\/v2\/pages\/787\/revisions\/890"}],"wp:attachment":[{"href":"https:\/\/theteachermusic.ch\/index.php?rest_route=%2Fwp%2Fv2%2Fmedia&parent=787"}],"curies":[{"name":"wp","href":"https:\/\/api.w.org\/{rel}","templated":true}]}}